{"id":9546,"date":"2024-02-19T17:20:22","date_gmt":"2024-02-19T16:20:22","guid":{"rendered":"https:\/\/www.nedgia.es\/coneix-nos-qui-som-la-nostra-historia\/"},"modified":"2025-01-16T18:47:26","modified_gmt":"2025-01-16T17:47:26","slug":"la-nostra-historia","status":"publish","type":"page","link":"https:\/\/www.nedgia.es\/ca\/qui-som\/la-nostra-historia\/","title":{"rendered":"Coneix-nos &#8211; Qui som &#8211; La nostra hist\u00f2ria"},"content":{"rendered":"<script>    var municipio_no_encontrado = \"Municipio no encontrado.\";    var direccion_no_encontrada = \"Direcci\u00f3n no encontrada. No utilices el tipo de v\u00eda como calle, avenida etc. y revisa que est\u00e1 bien escrito.\";        var piso_no_encontrado = \"Piso no encontrado.\";    var campo_obligatorio = \"Campo obligatorio.\";    var email_incorrecto = \"El campo deber\u00eda ser direccion@dominio.es\";    var formato_incorrecto = \"Formato incorrecto\";    var seleccionar_condiciones = \"Debe seleccionar las condiciones legales.\";    var formato_dni = \"El campo deber\u00eda tener el siguiente formato: 12345678Z o Y8237411K\";    var emails_no_coinciden = \"Los emails no coinciden.\";    var telefono_caracteres = \"El tel\u00e9fono debe tener 9 caracteres.\";    var campo_incorrecto = \"Campo incorrecto\";    var escalera = \"Escalera\";    var bloque = \"Bloque\";    var piso = \"Piso\";    var puerta = \"Puerta\";    var NoZonaNedgia = \"Lo sentimos pero tu domicilio no est\u00e1 en la zona donde Nedgia\u00a0 distribuye gas natural. Encuentra la Empresa Distribuidora que te corresponde en el siguiente \";        var link =  \"link\";    var aqui =  \"aqu\u00ed\";    var FincaNoInmuebleCertificadoNo_1 = \"Nos consta que ya tienes gas natural en tu finca. Ahora el siguiente paso ser\u00e1 realizar la instalaci\u00f3n en tu vivienda, contactando con un instalador autorizado. Te explicamos como hacerlo \";    var FincaNoInmuebleCertificadoNo_2 = \"Si la informaci\u00f3n de nuestro sistema no la consideras correcta, ll\u00e1manos al 900 100 252.\";    var FincaEInmueble_1 = \"Nos consta que ya dispones de suministro de gas natural en tu domicilio.\";    var FincaEInmueble_2 = \"Si la informaci\u00f3n de nuestro sistema no la consideras correcta, ll\u00e1manos al 900 100 252.\";        var FincaNoInmuebleCertificadoSi_1 = \"Nos consta que ya tienes la instalaci\u00f3n de gas natural en tu domicilio realizada. Ahora solo te falta gestionar el contrato de gas natural con una empresa comercializadora. Te explicamos como hacerlo. \";    var FincaNoInmuebleCertificadoSi_2 = \"Si la informaci\u00f3n de nuestro sistema no la consideras correcta, ll\u00e1manos al 900 100 252.\";    var SelecNum = \"Selec. Num.\";    var SelecBloqueEscalera = \"Selec. Bloque Escalera Piso Puerta\";    var NumeroPiso = \"N\u00famero\";    var BloqueEscaleraPisoPuerta = \"Bloque Escalera Piso Puerta\";<\/script><script>    var municipio_no_encontrado = \"Municipio no encontrado.\";    var direccion_no_encontrada = \"Direcci\u00f3n no encontrada. No utilices el tipo de v\u00eda como calle, avenida etc. y revisa que est\u00e1 bien escrito.\";    var piso_no_encontrado = \"Piso no encontrado.\";    var campo_obligatorio = \"Campo obligatorio.\";    var email_incorrecto = \"El campo deber\u00eda ser direccion@dominio.es\";    var formato_incorrecto = \"Formato incorrecto\";    var seleccionar_politica_privacidad = \"Debe seleccionar los t\u00e9rminos y condiciones.\";    var seleccionar_condiciones = \"Debe seleccionar las condiciones legales.\";    var formato_dni = \"El campo deber\u00eda tener el siguiente formato: 12345678Z o Y8237411K\";    var emails_no_coinciden = \"Los emails no coinciden.\";    var telefono_caracteres = \"El tel\u00e9fono debe tener 9 caracteres.\";    var campo_incorrecto = \"Campo incorrecto\";    var escalera = \"Escalera\";    var bloque = \"Bloque\";    var piso = \"Piso\";    var puerta = \"Puerta\";    var NoZonaNedgia = \"Lo sentimos pero tu domicilio no est\u00e1 en la zona donde Nedgia\u00a0 distribuye gas natural. Encuentra la Empresa Distribuidora que te corresponde en el siguiente \";    var link = \"link\";    var aqui = \"aqu\u00ed\";    var FincaNoInmuebleCertificadoNo_1 = \"Nos consta que ya tienes gas natural en tu finca. Ahora el siguiente paso ser\u00e1 realizar la instalaci\u00f3n en tu vivienda, contactando con un instalador autorizado. Te explicamos como hacerlo \";    var FincaNoInmuebleCertificadoNo_2 = \"Si la informaci\u00f3n de nuestro sistema no la consideras correcta, ll\u00e1manos al 900 100 252.\";    var FincaEInmueble_1 = \"Nos consta que ya dispones de suministro de gas natural en tu domicilio.\";    var FincaEInmueble_2 = \"Si la informaci\u00f3n de nuestro sistema no la consideras correcta, ll\u00e1manos al 900 100 252.\";    var FincaNoInmuebleCertificadoSi_1 = \"Nos consta que ya tienes la instalaci\u00f3n de gas natural en tu domicilio realizada. Ahora solo te falta gestionar el contrato de gas natural con una empresa comercializadora. Te explicamos como hacerlo. \";    var FincaNoInmuebleCertificadoSi_2 = \"Si la informaci\u00f3n de nuestro sistema no la consideras correcta, ll\u00e1manos al 900 100 252.\";    var SelecNum = \"Selec. Num.\";    var SelecBloqueEscalera = \"Selec. Bloque Escalera Piso Puerta\";    var NumeroPiso = \"N\u00famero\";    var BloqueEscaleraPisoPuerta = \"Bloque Escalera Piso Puerta\";<\/script><section class=\"block-style-2 nedgia-block  wp-block-hero\">    <div class=\"container mx-auto\">        <div class=\"hero-slider swiper\">      <input class=\"sliderAutoplay\" type=\"hidden\" name=\"sliderAutoplay\" value=\"\">      <input class=\"sliderTime\" type=\"hidden\" name=\"sliderTime\" value=\"\">      <input class=\"sliderLoop\" type=\"hidden\" name=\"sliderLoop\" value=\"\">      <div class=\"swiper-wrapper\">          <!-- Slides -->                                    <div class=\"swiper-slide\">                <div class=\"hero-slide-wrapper\">                  <div class=\"hero-content\">                    <div>                                                                  <div class=\"hero-description\"><strong>180 a\u00f1os<\/strong> en el sector energ\u00e9tico<br><br>\u00bfC\u00f3mo hemos evolucionado hasta el momento actual?<br><br>En 2023 conmemoramos nuestros 180 a\u00f1os de historia, adem\u00e1s de los 5 a\u00f1os de la marca Naturgy y de la marca Nedgia.<br><br>Un momento muy especial para sentir el poder de la energ\u00eda que nos une a todos los que formamos parte de esta gran compa\u00f1\u00eda y que nos impulsa cada d\u00eda para seguir transformando.<\/div>                                                                                                                  <div class=\"button-wrapper hero-button-wrapper\">                                                                      <\/div>                    <\/div>                  <\/div>                  <div class=\"hero-image\">                    <div class=\"link-wrapper\">                                          <\/div>                    <figure class=\"hero-cover-image\">                        <img decoding=\"async\" src=\"https:\/\/www.nedgia.es\/wp-content\/uploads\/2024\/02\/nuestra-historia-1.jpg\"                            alt=\"\" loading=\"lazy\" \/>                    <\/figure>                                                          <\/div>                                  <\/div>              <\/div>                            <\/div>      <div class=\"hero-swiper-navigation-wrapper\">        <div class=\"hero-swiper-button-wrapper\">          <div class=\"swiper-button-prev\"><span>&nbsp;<\/span><\/div>          <div class=\"swiper-button-next\"><span>&nbsp;<\/span><\/div>        <\/div>        <div class=\"hero-swiper-pagination-wrapper\">          <div class=\"swiper-pagination swiper-pagination-hero\"><\/div>        <\/div>      <\/div>  <\/div>    <\/div>                <\/section>                                <section class=\"block-style-5 nedgia-block        wp-block-horizontal-nav                  is-horizontal\" data-scrollspy=\"\">    <div class=\"container mx-auto\">        <div class=\"horizontal-nav-wrapper nav-style-links   nav-align-center\">                    <nav>          <ul class=\"navigation-horizontal nav-align-center\">                                          <li class=\"horizontal-nav-item inactive \">                                      <a href=\"https:\/\/www.nedgia.es\/ca\/qui-som\/\"                      target=\"\"                      class=\"nav-item  \"                    >                      El papel del distribuidor                    <\/a>                                  <\/li>                              <li class=\"horizontal-nav-item active \">                                      <a href=\"#\"                      target=\"\"                      class=\"nav-item  \"                    >                      Nuestra historia                    <\/a>                                  <\/li>                              <li class=\"horizontal-nav-item inactive \">                                      <a href=\"https:\/\/www.nedgia.es\/ca\/qui-som\/amb-qui-col%c2%b7laborem\/\"                      target=\"\"                      class=\"nav-item  \"                    >                      Colaboradores                    <\/a>                                  <\/li>                              <li class=\"horizontal-nav-item inactive \">                                      <a href=\"https:\/\/www.nedgia.es\/ca\/qui-som\/els-nostres-accionistes\/\"                      target=\"\"                      class=\"nav-item  \"                    >                      Accionistas                    <\/a>                                  <\/li>                              <li class=\"horizontal-nav-item inactive \">                                      <a href=\"https:\/\/www.nedgia.es\/ca\/les-nostres-distribuidores\/\"                      target=\"\"                      class=\"nav-item  \"                    >                      Distribuidoras                    <\/a>                                  <\/li>                                    <\/ul>        <\/nav>          <\/div>    <\/div>                <\/section>                                <section class=\"block-style-2 nedgia-block  wp-block-image-text\">    <div class=\"container mx-auto\">        <div class=\"image-text-wrapper \">                                    <div class=\"image-text-col-image image-text-col-2 image-lg image-padding-off image-h-center image-v-center\">              <figure>                <img decoding=\"async\" src=\"https:\/\/www.nedgia.es\/wp-content\/uploads\/2024\/02\/desarrollo-del-consumo.jpg\"                    alt=\"Desarrollo del consumo de gas natural en Espa\u00c3\u00b1a\" loading=\"lazy\" \/>            <\/figure>                        <\/div>                                    <div class=\"image-text-col-text image-text-col-2\">                                          <div class=\"content-info-wrapper\">                          <div class=\"description \">        <strong>El consumo final del gas natural creci\u00f3 fuertemente hasta la crisis de 2008-2009, motivado por el crecimiento del uso de gas en procesos industriales<\/strong> junto con un aumento gradual del uso en los hogares y la instalaci\u00f3n, a partir de 2002, de ciclos combinados que utilizan el gas natural como combustible para generar energ\u00eda el\u00e9ctrica. Los ciclos combinados de gas natural suponen una mejora en el rendimiento, reduciendo costes y emisiones de CO, CO<sub>2<\/sub>, NOx y eliminando pr\u00e1cticamente la emisi\u00f3n de part\u00edculas o de derivados del azufre.      <\/div>          <\/div>                                    <\/div>                      <\/div>    <\/div>                <\/section>                                <section class=\"block-style-3 nedgia-block  wp-block-content\">    <div class=\"container mx-auto\">        <div class=\"main-content-wrapper\">              <div class=\"content-wrapper block-layout-column  \">        <div class=\"content-title-col\">                                <h2 class=\"content-title\"><strong>2018<\/strong>, a\u00f1o emblem\u00e1tico para la compa\u00f1\u00eda<\/h2>                    <\/div>        <div class=\"content-info-col \">                      <div class=\"content-description \">                            En 2018, <strong>coincidiendo con el 175 aniversario del grupo<\/strong>, se llev\u00f3 a cabo uno de los cambios m\u00e1s significativos de nuestra historia: <strong>el paso de Gas Natural Fenosa<\/strong> a <strong>Naturgy<\/strong>.<br><br>Nuestra nueva marca es internacional, adaptada a todos los mercados globales y <strong>enfocada<\/strong> en la <strong>innovaci\u00f3n<\/strong>, la <strong>digitalizaci\u00f3n<\/strong>, la <strong>simplicidad<\/strong> y <strong>globalidad<\/strong>.            <\/div>                            <\/div>      <\/div>              <\/div>    <\/div>                <\/section>                                <section class=\"block-style-2 nedgia-block block-type-cards  wp-block-content\">    <div class=\"container mx-auto\">        <div class=\"main-content-wrapper\">              <div class=\"content-wrapper block-layout-column content-wrapper-pb-0 \">        <div class=\"content-title-col\">          <div class=\"content-pretitle\">Algunes dades d\u2019inter\u00e8s<\/div>                      <h2 class=\"content-title\">Nedgia, marca per al negoci de distribuci\u00f3 de gas a Espanya<\/h2>                    <\/div>        <div class=\"content-info-col offset-info\">                            <\/div>      <\/div>                              <div class=\"cards-content-wrapper cards-style-1\">  <div class=\"cards-slider cards-slider-3 swiper\">    <input class=\"itemCols\" type=\"hidden\" name=\"itemCols\" value=\"3\">    <input class=\"itemRows\" type=\"hidden\" name=\"itemRows\" value=\"1\">    <input class=\"itemGap\" type=\"hidden\" name=\"itemGap\" value=\"25\">    <div class=\"swiper-wrapper manual-wrapper\">      <!-- Slides -->                                                              <div class=\"swiper-slide cards-type-image-slide\">\t    <div class=\"card-slide-wrapper cards-type-image-wrapper\" data-ccaa=\"\">      <div class=\"card-content\">        <div>          <div class=\"card-top-info\">                                                                        <figure class=\"card-image\">                          <img decoding=\"async\" src=\"https:\/\/www.nedgia.es\/wp-content\/uploads\/2024\/02\/nedgia-marca-small.jpg\" alt=\"\" loading=\"lazy\" \/>                        <\/figure>                                                                  <\/div>          <div class=\"card-bottom-info \">                                      <div class=\"card-description \">                                Tambi\u00e9n en <strong>2018<\/strong> se lanza <strong>Nedgia, la nueva marca para toda la actividad de distribuci\u00f3n de gas del grupo Naturgy en Espa\u00f1a<\/strong> y se inicia una nueva etapa enfocada en el crecimiento y la transformaci\u00f3n de la actividad, con el objetivo de aportar bienestar.              <\/div>                                  <\/div>        <\/div>      <\/div>    <\/div>  <\/div>                                  <div class=\"swiper-slide cards-type-image-slide\">\t    <div class=\"card-slide-wrapper cards-type-image-wrapper\" data-ccaa=\"\">      <div class=\"card-content\">        <div>          <div class=\"card-top-info\">                                                                        <figure class=\"card-image\">                          <img decoding=\"async\" src=\"https:\/\/www.nedgia.es\/wp-content\/uploads\/2024\/02\/nedgia-marca-2.png\" alt=\"Logotipo actualizado de Nedgia\" loading=\"lazy\" \/>                        <\/figure>                                                                  <\/div>          <div class=\"card-bottom-info \">                                      <div class=\"card-description \">                                NEDGIA a\u00fana <strong>dos conceptos fundamentales<\/strong> para la compa\u00f1\u00eda: la <strong>innovaci\u00f3n unida a la experiencia y solvencia<\/strong> que aporta pertenecer al grupo energ\u00e9tico Naturgy y el <strong>desarrollo<\/strong>, durante los \u00faltimos 25 a\u00f1os, <strong>de la expansi\u00f3n del gas natural<\/strong> en Espa\u00f1a.              <\/div>                                  <\/div>        <\/div>      <\/div>    <\/div>  <\/div>                                  <div class=\"swiper-slide cards-type-image-slide\">\t    <div class=\"card-slide-wrapper cards-type-image-wrapper\" data-ccaa=\"\">      <div class=\"card-content\">        <div>          <div class=\"card-top-info\">                                                                        <figure class=\"card-image\">                          <img decoding=\"async\" src=\"https:\/\/www.nedgia.es\/wp-content\/uploads\/2024\/02\/nedgia-marca-3.jpg\" alt=\"Imagen de la marca Nedgia\" loading=\"lazy\" \/>                        <\/figure>                                                                  <\/div>          <div class=\"card-bottom-info \">                                      <div class=\"card-description \">                                Tras la implementaci\u00f3n de la nueva marca, <strong>las diferentes empresas que realizan la actividad de distribuci\u00f3n de gas mantienen la denominaci\u00f3n territorial e hist\u00f3rica en las regiones donde operaban<\/strong>, y adoptan Nedgia como su nuevo nombre. Este representa la globalidad de la energ\u00eda distribuida, la inmensa red que la distribuye de forma eficiente y sencilla y se asocia al entorno energ\u00e9tico, al desarrollo y las conexiones.              <\/div>                                  <\/div>        <\/div>      <\/div>    <\/div>  <\/div>                                                <\/div>    <div class=\"swiper-navigation-wrapper\">  <div class=\"swiper-button-wrapper\">    <div class=\"swiper-button-prev\"><span>&nbsp;<\/span><\/div>    <div class=\"swiper-button-next\"><span>&nbsp;<\/span><\/div>  <\/div>  <div class=\"swiper-pagination-wrapper\">    <div class=\"swiper-pagination\"><\/div>  <\/div><\/div>  <\/div>  <\/div>                <\/div>    <\/div>                <\/section>                                <section class=\"block-style-1 nedgia-block block-type-accordion  wp-block-content\">    <div class=\"container mx-auto\">        <div class=\"main-content-wrapper\">              <div class=\"content-wrapper block-layout-center content-wrapper-pb-0 \">        <div class=\"content-title-col\">                                <h2 class=\"content-title\">Altres dates emblem\u00e0tiques<\/h2>                    <\/div>        <div class=\"content-info-col \">                                <div class=\"button-wrapper content-button-wrapper\">                                                                                                    <\/div>                  <\/div>      <\/div>                              <div  class=\"accordion-content-wrapper  accordion-pills  accordion-bottom  \"  data-accordion-auto-close=\"\"  data-accordion-start=\"0\">  <div class=\"accordion-main-wrapper\">                    <div class=\"accordion-wrapper accordion-default\">                <div class=\"accordion-header-wrapper\">          <div class=\"accordion-header-wrapper-inner\">                        <div class=\"accordion-header-text\">              <div class=\"accordion-header-title\">2023 Seguimos trabajando por un presente y futuro m\u00e1s sostenible<\/div>                                        <\/div>          <\/div>        <\/div>                <div class=\"accordion-body-wrapper\">                                                                                                                  <div class=\"accordion-filter-item\" data-identifier-item=\"\">                          <div class=\"accordion-content-wrapper\">                            <div class=\"accordion-content image-first \">                                                              <div class=\"accordion-col-image\">                                                                  <\/div>                                                            <div class=\"accordion-col-info\">                                <div class=\"content-info-wrapper\">                          <div class=\"description \">        Desde 2021 Nedgia ya inyectamos gas renovable en nuestras redes de distribuci\u00f3n de gas desde 6 plantas de producci\u00f3n de biometano en Espa\u00f1a. Tenemos como objetivo fundamental seguir creando valor a trav\u00e9s de nuestras infraestructuras de gas y vehiculando gases renovables por ellas contribuyendo a que la transici\u00f3n energ\u00e9tica sea justa y sostenible.      <\/div>              <div class=\"button-wrapper\">              <\/div>      <\/div>                              <\/div>                            <\/div>                          <\/div>                        <\/div>                                                                                    <\/div>      <\/div>            <div class=\"accordion-wrapper accordion-default\">                <div class=\"accordion-header-wrapper\">          <div class=\"accordion-header-wrapper-inner\">                        <div class=\"accordion-header-text\">              <div class=\"accordion-header-title\">2004 Integramos energ\u00eda renovable en el mix energ\u00e9tico<\/div>                                        <\/div>          <\/div>        <\/div>                <div class=\"accordion-body-wrapper\">                                                                                                                  <div class=\"accordion-filter-item\" data-identifier-item=\"\">                          <div class=\"accordion-content-wrapper\">                            <div class=\"accordion-content image-first \">                                                              <div class=\"accordion-col-image\">                                                                  <\/div>                                                            <div class=\"accordion-col-info\">                                <div class=\"content-info-wrapper\">                          <div class=\"description \">        Inicio de las actividades en energ\u00eda renovable e\u00f3lica, empezando las operaciones de producci\u00f3n de electricidad para aprovechar la energ\u00eda del viento, en los correspondientes parques e\u00f3licos.      <\/div>              <div class=\"button-wrapper\">              <\/div>      <\/div>                              <\/div>                            <\/div>                          <\/div>                        <\/div>                                                                                    <\/div>      <\/div>            <div class=\"accordion-wrapper accordion-default\">                <div class=\"accordion-header-wrapper\">          <div class=\"accordion-header-wrapper-inner\">                        <div class=\"accordion-header-text\">              <div class=\"accordion-header-title\">1998: Liberalitzaci\u00f3 i internalitzaci\u00f3<\/div>                                        <\/div>          <\/div>        <\/div>                <div class=\"accordion-body-wrapper\">                                                                                                                  <div class=\"accordion-filter-item\" data-identifier-item=\"\">                          <div class=\"accordion-content-wrapper\">                            <div class=\"accordion-content \">                                                              <div class=\"accordion-col-image\">                                  <figure>                <img decoding=\"async\" src=\"https:\/\/www.nedgia.es\/wp-content\/uploads\/2024\/02\/historia_metanero.png\"                    alt=\"\" loading=\"lazy\" \/>            <\/figure>                                            <\/div>                                                            <div class=\"accordion-col-info\">                                <div class=\"content-info-wrapper\">                          <div class=\"description \">        El <strong>1998<\/strong> s\u2019inicia a Espanya el proc\u00e9s de liberalitzaci\u00f3 del sector del gas amb la publicaci\u00f3 de la Llei d\u2019hidrocarburs. Aquesta llei comportar\u00e0 l\u2019obligaci\u00f3 de separar les xarxes de transport i la funci\u00f3 de gestor t\u00e8cnic del sistema, de les xarxes de distribuci\u00f3 i la comercialitzaci\u00f3.      <\/div>          <\/div>                              <\/div>                            <\/div>                          <\/div>                        <\/div>                                                                                    <\/div>      <\/div>            <div class=\"accordion-wrapper accordion-default\">                <div class=\"accordion-header-wrapper\">          <div class=\"accordion-header-wrapper-inner\">                        <div class=\"accordion-header-text\">              <div class=\"accordion-header-title\">1992 Ayudamos a encender el pebetero Ol\u00edmpico de Barcelona 92<\/div>                                        <\/div>          <\/div>        <\/div>                <div class=\"accordion-body-wrapper\">                                                                                                                  <div class=\"accordion-filter-item\" data-identifier-item=\"\">                          <div class=\"accordion-content-wrapper\">                            <div class=\"accordion-content image-first \">                                                              <div class=\"accordion-col-image\">                                  <figure>                <img decoding=\"async\" src=\"https:\/\/www.nedgia.es\/wp-content\/uploads\/2024\/03\/Pebetero-olimpico-Barcelona-92.jpg\"                    alt=\"\" loading=\"lazy\" \/>            <\/figure>                                            <\/div>                                                            <div class=\"accordion-col-info\">                                <div class=\"content-info-wrapper\">                          <div class=\"description \">        La colaboraci\u00f3n con la Olimpiada de Barcelona incluy\u00f3 la escenograf\u00eda que utilizaba gas en su funcionamiento, como fueron la antorcha ol\u00edmpica y el pebetero del estadio de Montju\u00efc. La antorcha fue creada por Andr\u00e9 Ricard, pero el dise\u00f1o de su funcionamiento fue realizado por los t\u00e9cnicos de Naturgy. En cuanto al pebetero ol\u00edmpico, dise\u00f1o de Pep Sant y Ramon Bigas, se hab\u00eda concebido la idea de encenderlo en la ceremonia inaugural de los juegos con una flecha encendida que pasar\u00eda por encima de la instalaci\u00f3n. Y aqu\u00ed volvieron a aparecer los t\u00e9cnicos de Naturgy, que dise\u00f1aron un sistema a prueba de error. Fue un \u00e9xito espectacular.      <\/div>              <div class=\"button-wrapper\">              <\/div>      <\/div>                              <\/div>                            <\/div>                          <\/div>                        <\/div>                                                                                    <\/div>      <\/div>            <div class=\"accordion-wrapper accordion-default\">                <div class=\"accordion-header-wrapper\">          <div class=\"accordion-header-wrapper-inner\">                        <div class=\"accordion-header-text\">              <div class=\"accordion-header-title\">1996: Inici de les activitats del transport internacional de gas<\/div>                                        <\/div>          <\/div>        <\/div>                <div class=\"accordion-body-wrapper\">                                                                                                                  <div class=\"accordion-filter-item\" data-identifier-item=\"\">                          <div class=\"accordion-content-wrapper\">                            <div class=\"accordion-content \">                                                              <div class=\"accordion-col-image\">                                  <figure>                <img decoding=\"async\" src=\"https:\/\/www.nedgia.es\/wp-content\/uploads\/2024\/02\/historia_gasoducto_metragaz.png\"                    alt=\"\" loading=\"lazy\" \/>            <\/figure>                                            <\/div>                                                            <div class=\"accordion-col-info\">                                <div class=\"content-info-wrapper\">                          <div class=\"description \">        Del 1985 al 1993, l\u2019aprovisionament venia principalment per GNL (gas natural liquat).\u00a0<strong>El 1993 es va posar en funcionament la primera connexi\u00f3 internacional del sistema gasista espanyol a Larrau (Fran\u00e7a)<\/strong> i <strong>el 1996 s\u2019inaugura el gasoducte Magrib-Europa<\/strong>, amb el recorregut des del jaciment d\u2019Alg\u00e8ria passant per Marroc (pa\u00eds de tr\u00e0nsit) i connectat a la Pen\u00ednsula, a Tarifa.      <\/div>          <\/div>                              <\/div>                            <\/div>                          <\/div>                        <\/div>                                                                                    <\/div>      <\/div>            <div class=\"accordion-wrapper accordion-default\">                <div class=\"accordion-header-wrapper\">          <div class=\"accordion-header-wrapper-inner\">                        <div class=\"accordion-header-text\">              <div class=\"accordion-header-title\">1991: Integraci\u00f3 del sector del gas a Espanya<\/div>                                        <\/div>          <\/div>        <\/div>                <div class=\"accordion-body-wrapper\">                                                                                                                  <div class=\"accordion-filter-item\" data-identifier-item=\"\">                          <div class=\"accordion-content-wrapper\">                            <div class=\"accordion-content image-first \">                                                              <div class=\"accordion-col-image\">                                  <figure>                <img decoding=\"async\" src=\"https:\/\/www.nedgia.es\/wp-content\/uploads\/2024\/02\/historia_1991.png\"                    alt=\"\" loading=\"lazy\" \/>            <\/figure>                                            <\/div>                                                            <div class=\"accordion-col-info\">                                <div class=\"content-info-wrapper\">                          <div class=\"description \">        Gr\u00e0cies a la nova situaci\u00f3 del sector del gas a Espanya, amb grans possibilitats de creixement i desenvolupament, s\u2019uneixen a l\u2019accionariat de Catalana de Gas dos accionistes importants:\u00a0<strong>La Caixa<\/strong> i <strong>Repsol<\/strong>.<br><br>Amb el suport d\u2019aquests accionistes, es desenvolupa un nou projecte empresarial que passa per la integraci\u00f3 del sector de la distribuci\u00f3 de gas a Espanya (fusi\u00f3 de Catalana de Gas, Gas Madrid i els actius de gas canalitzat de Repsol Butano).<br><br><strong>Com a resultat, el 1992 es crea una nova societat<\/strong>: Gas Natural SDG, SA, que aquell mateix any inicia tamb\u00e9 l\u2019expansi\u00f3 internacional a Llatinoam\u00e8rica, primer a l\u2019Argentina i a continuaci\u00f3, durant els anys seg\u00fcents, amb activitats al Brasil, Col\u00f2mbia i M\u00e8xic.      <\/div>          <\/div>                              <\/div>                            <\/div>                          <\/div>                        <\/div>                                                                                    <\/div>      <\/div>            <div class=\"accordion-wrapper accordion-default\">                <div class=\"accordion-header-wrapper\">          <div class=\"accordion-header-wrapper-inner\">                        <div class=\"accordion-header-text\">              <div class=\"accordion-header-title\">1985: Protocol d\u2019intencions per al desenvolupament del gas a Espanya<\/div>                                        <\/div>          <\/div>        <\/div>                <div class=\"accordion-body-wrapper\">                                                                                                                  <div class=\"accordion-filter-item\" data-identifier-item=\"\">                          <div class=\"accordion-content-wrapper\">                            <div class=\"accordion-content image-first \">                                                              <div class=\"accordion-col-image\">                                                                  <\/div>                                                            <div class=\"accordion-col-info\">                                <div class=\"content-info-wrapper\">                          <div class=\"description \">        Aquest protocol subscrit pel Ministeri d\u2019Ind\u00fastria i Energia (MINER) i les principals empreses de distribuci\u00f3 i subministrament de gas natural, suposa la <strong>posada en marxa d\u2019un pla d\u2019expansi\u00f3 a llarg termini que comporta un increment de l\u2019activitat inversora, de creixement i d\u2019expansi\u00f3 tant en noves distribucions com en clients<\/strong>. Gr\u00e0cies a aix\u00f2, es comen\u00e7a a recuperar acceleradament el retard hist\u00f2ric del sector a Espanya en relaci\u00f3 amb Europa.<br><br><strong>El 1987, Catalana de Gas i Electricitat canvia de nom a Catalana de Gas, SA, en vendre els \u00faltims actius el\u00e8ctrics convencionals<\/strong>.<br><br><strong>El 1990 es dona per acabat el proc\u00e9s de canvi de gas ciutat a gas natural a Barcelona<\/strong> (proc\u00e9s iniciat el 1985), amb el tancament de l\u2019\u00faltima f\u00e0brica en funcionament a la ciutat, la de Sant Mart\u00ed de Proven\u00e7als.      <\/div>          <\/div>                              <\/div>                            <\/div>                          <\/div>                        <\/div>                                                                                    <\/div>      <\/div>            <div class=\"accordion-wrapper accordion-default\">                <div class=\"accordion-header-wrapper\">          <div class=\"accordion-header-wrapper-inner\">                        <div class=\"accordion-header-text\">              <div class=\"accordion-header-title\">1972: Els inicis del gas<\/div>                                        <\/div>          <\/div>        <\/div>                <div class=\"accordion-body-wrapper\">                                                                                                                  <div class=\"accordion-filter-item\" data-identifier-item=\"\">                          <div class=\"accordion-content-wrapper\">                            <div class=\"accordion-content image-first \">                                                              <div class=\"accordion-col-image\">                                                                  <\/div>                                                            <div class=\"accordion-col-info\">                                <div class=\"content-info-wrapper\">                <p class=\"title\">En els primers inicis del gas, cal destacar tres personatges i dues maneres de produir gas:<\/p>                      <div class=\"description \">        &#8211; L\u2019escoc\u00e8s <strong>Willian Murdock<\/strong>, que el <strong>1792<\/strong> va aconseguir il\u00b7luminar casa seva amb <strong>gas produ\u00eft a trav\u00e9s de carb\u00f3<\/strong>.<br>&#8211; El franc\u00e8s <strong>Lebon<\/strong>, que el <strong>1801<\/strong> <strong>intentava aplicar el gas obtingut de la destil\u00b7laci\u00f3 de la fusta per a prop\u00f2sits similars<\/strong>.<br>&#8211; L\u2019alemany <strong>Frederick Albert Winsor<\/strong>, que el <strong>1804<\/strong> va presentar a Londres <strong>experiments d\u2019enllumenat amb gas<\/strong>.<br><br>Tanmateix, va ser <strong>Windsor<\/strong> qui, el <strong>1812<\/strong>, va crear a Londres la <strong>Gas Light and Coque Company<\/strong>, la <strong>primera companyia de gas del m\u00f3n<\/strong> per proveir enllumenat p\u00fablic amb gas produ\u00eft mitjan\u00e7ant carb\u00f3.      <\/div>          <\/div>                              <\/div>                            <\/div>                          <\/div>                        <\/div>                                                                                    <\/div>      <\/div>            <div class=\"accordion-wrapper accordion-default\">                <div class=\"accordion-header-wrapper\">          <div class=\"accordion-header-wrapper-inner\">                        <div class=\"accordion-header-text\">              <div class=\"accordion-header-title\">1969: Inici del subministrament directe de gas natural<\/div>                                        <\/div>          <\/div>        <\/div>                <div class=\"accordion-body-wrapper\">                                                                                                                  <div class=\"accordion-filter-item\" data-identifier-item=\"\">                          <div class=\"accordion-content-wrapper\">                            <div class=\"accordion-content \">                                                              <div class=\"accordion-col-image\">                                  <figure>                <img decoding=\"async\" src=\"https:\/\/www.nedgia.es\/wp-content\/uploads\/2024\/02\/naturgy-central-gas-natural-historia-2.jpg\"                    alt=\"\" loading=\"lazy\" \/>            <\/figure>                                            <\/div>                                                            <div class=\"accordion-col-info\">                                <div class=\"content-info-wrapper\">                          <div class=\"description \">        Als EUA, la primera utilitzaci\u00f3 de gas natural es du a terme el 1821, des d\u2019un pou poc profund constru\u00eft a la localitat de Fredonia, Nova York, per William Hart, que \u00e9s considerat com el \u201cpare del gas natural\u201d.<br><br>A Europa, el gas natural arriba entre el final dels cinquanta i l\u2019inici dels seixanta gr\u00e0cies a tres factors:<br><br>&#8211; Els jaciments de gas natural trobats a Europa i al nord de l\u2019\u00c0frica.<br>&#8211; El desenvolupament, els anys 1960-1962, de la tecnologia criog\u00e8nica.<br>&#8211; La progressiva conscienciaci\u00f3 ecol\u00f2gica, amb recerca d\u2019alternatives de combustibles m\u00e9s nets que el carb\u00f3 i el petroli, com \u00e9s el cas del gas natural.<br><br><strong>A Espanya, el subministrament de gas natural directe sense necessitat de f\u00e0briques s\u2019inicia el 1969<\/strong>.<br><br><strong>En aquest aven\u00e7 t\u00e9 gran import\u00e0ncia Catalana de Gas i Electricitat, que construeix, juntament amb altres socis, la societat Gas Natural SA per a la importaci\u00f3 de gas natural de L\u00edbia i construeix una planta de regasificaci\u00f3 al port de Barcelona i el primer metaner espanyol: \u201cEl Laiet\u00e0\u201d<\/strong>.      <\/div>          <\/div>                              <\/div>                            <\/div>                          <\/div>                        <\/div>                                                                                    <\/div>      <\/div>            <div class=\"accordion-wrapper accordion-default\">                <div class=\"accordion-header-wrapper\">          <div class=\"accordion-header-wrapper-inner\">                        <div class=\"accordion-header-text\">              <div class=\"accordion-header-title\">1958: Inici de la reconversi\u00f3 industrial<\/div>                                        <\/div>          <\/div>        <\/div>                <div class=\"accordion-body-wrapper\">                                                                                                                  <div class=\"accordion-filter-item\" data-identifier-item=\"\">                          <div class=\"accordion-content-wrapper\">                            <div class=\"accordion-content image-first \">                                                              <div class=\"accordion-col-image\">                                  <figure>                <img decoding=\"async\" src=\"https:\/\/www.nedgia.es\/wp-content\/uploads\/2024\/02\/catalana-de-gas-1.jpg\"                    alt=\"\" loading=\"lazy\" \/>            <\/figure>                                            <\/div>                                                            <div class=\"accordion-col-info\">                                <div class=\"content-info-wrapper\">                          <div class=\"description \">        Des del final dels anys cinquanta fins a l\u2019inici dels setanta, estem davant de l\u2019Espanya del Pla d\u2019estabilitzaci\u00f3, de l\u2019alliberament del tipus de canvi de la pesseta i dels Plans de desenvolupament.<br><br>En el sector del gas, les instal\u00b7lacions eren velles i antiquades, per la qual cosa s\u2019inicia un proc\u00e9s de modernitzaci\u00f3 en qu\u00e8 t\u00e9 gran import\u00e0ncia el pas, el 1963, de produir gas manufacturat amb carb\u00f3 a produir-lo amb naftes.<br><br>Despr\u00e9s del canvi es passa a disposar de plantes qu\u00edmiques modernes, bastant autom\u00e0tiques, que suposen un augment de la capacitat productiva de les f\u00e0briques.<br><br>Per donar sortida a aquesta producci\u00f3 m\u00e9s gran, han de buscar-se nous usos del gas i la calefacci\u00f3 a gas es comen\u00e7a a promocionar fortament.<br><br>Des del final dels anys cinquanta fins a inicis dels setanta, les instal\u00b7lacions en el sector del gas s\u2019havien quedat velles i antiquades.<br><br>Amb la reconversi\u00f3 industrial s\u2019inicia un <strong>proc\u00e9s<\/strong><strong> de modernitzaci\u00f3 en el qual t\u00e9 una gran import\u00e0ncia el fet de passar de produir gas manufacturat amb carb\u00f3 a produir-lo amb naftes<\/strong>.      <\/div>          <\/div>                              <\/div>                            <\/div>                          <\/div>                        <\/div>                                                                                    <\/div>      <\/div>            <div class=\"accordion-wrapper accordion-default\">                <div class=\"accordion-header-wrapper\">          <div class=\"accordion-header-wrapper-inner\">                        <div class=\"accordion-header-text\">              <div class=\"accordion-header-title\">1984: L\u2019electricitat arriba amb for\u00e7a<\/div>                                        <\/div>          <\/div>        <\/div>                <div class=\"accordion-body-wrapper\">                                                                                                                  <div class=\"accordion-filter-item\" data-identifier-item=\"\">                          <div class=\"accordion-content-wrapper\">                            <div class=\"accordion-content image-first \">                                                              <div class=\"accordion-col-image\">                                                                  <\/div>                                                            <div class=\"accordion-col-info\">                                <div class=\"content-info-wrapper\">                          <div class=\"description \">        El 1894 l\u2019Allgemeine Elektrizit\u00e4ts-Gesellschaft (AEG), la principal societat alemanya i europea en ind\u00fastria el\u00e8ctrica, crea a Barcelona la Companyia Barcelonina d\u2019Electricitat.<br><br>Davant d\u2019aquesta situaci\u00f3, la Societat Catalana per a l\u2019Enllumenat per Gas i Lebon decideixen entrar al mercat de la generaci\u00f3 i venda d\u2019electricitat i creen conjuntament, el 1896, la &quot;Central Catalana d\u2019Electricitat&quot;.<br><br>Posteriorment, el 1911, es constitueix amb capital multinacional la Barcelona Traction Light &amp; Power amb una gran dimensi\u00f3 financera. Aquesta companyia es converteix en el principal competidor el\u00e8ctric.<br><br>Davant d\u2019aquesta situaci\u00f3, la SCAG canvia d\u2019estrat\u00e8gia i inicia un proc\u00e9s d\u2019important creixement i adquisicions que la porta a convertir-se, el 1913, en la setena societat d\u2019Espanya per capitalitzaci\u00f3 bors\u00e0ria. En aquesta \u00e8poca, la SCAG canvia de nom i passa a dir-se Catalana de Gas i Electricitat (CGE).<br><br>Amb l\u2019entrada de l\u2019electricitat, el gas hi ha de competir en el mercat de l\u2019enllumenat que, finalment, perd. Davant d\u2019aquesta situaci\u00f3, el gas es veu obligat a buscar nous usos i s\u2019enfoca principalment a la cuina. Per promocionar-lo, se li d\u00f3na un gran suport a trav\u00e9s de la publicitat.      <\/div>          <\/div>                              <\/div>                            <\/div>                          <\/div>                        <\/div>                                                                                    <\/div>      <\/div>            <div class=\"accordion-wrapper accordion-default\">                <div class=\"accordion-header-wrapper\">          <div class=\"accordion-header-wrapper-inner\">                        <div class=\"accordion-header-text\">              <div class=\"accordion-header-title\">1843: Es funda la primera companyia de gas a Espanya<\/div>                                        <\/div>          <\/div>        <\/div>                <div class=\"accordion-body-wrapper\">                                                                                                                  <div class=\"accordion-filter-item\" data-identifier-item=\"\">                          <div class=\"accordion-content-wrapper\">                            <div class=\"accordion-content image-first \">                                                              <div class=\"accordion-col-image\">                                                                  <\/div>                                                            <div class=\"accordion-col-info\">                                <div class=\"content-info-wrapper\">                          <div class=\"description \">        A Espanya, la hist\u00f2ria de l\u2019\u00fas del gas comen\u00e7a quan, el 1841, Charles Lebon aconsegueix, a trav\u00e9s de subhasta, el primer contracte d\u2019enllumenat p\u00fablic per gas amb l\u2019Ajuntament de Barcelona.<br><br>Arran d\u2019aquesta concessi\u00f3, un any m\u00e9s tard, es construeix la primera f\u00e0brica de gas d\u2019Espanya a la Barceloneta i, el <strong>1843<\/strong>, Lebon, conjuntament amb els germans Gil i Serra i altres accionistes, funden la <strong>Societat Catalana per a l\u2019Enllumenat per Gas (SCAG)<\/strong>.<br><br>A partir de 1853, altres empreses de gas entren a competir al mercat.<br><br>Aix\u00ed, <strong>la SCAG es comen\u00e7a a expandir geogr\u00e0ficament<\/strong> per Espanya i, el <strong>1884<\/strong>, es converteix en <strong>el 7\u00e8 grup europeu per les seves aportacions a la Soci\u00e9t\u00e9 T\u00e9chnique de l\u2019industrie du Gaz.<\/strong><br><br>Amb la popularitzaci\u00f3 de l\u2019\u00fas del gas el segle XIX, per a l\u2019enllumenat p\u00fablic, es posa en marxa la idea de construir una f\u00e0brica de gas en el municipi m\u00e9s gran i transportar-la a la resta de municipis de la zona. Va ser aix\u00ed com, per aconseguir estalvi en costos i inversions, neix la distribuci\u00f3 de gas a trav\u00e9s de canalitzacions.      <\/div>              <div class=\"button-wrapper\">              <\/div>      <\/div>                              <\/div>                            <\/div>                          <\/div>                        <\/div>                                                                                    <\/div>      <\/div>            <\/div><\/div>                <\/div>    <\/div>                <\/section>                                <section class=\"block-style-1 nedgia-block block-type-accordion  wp-block-content\">    <div class=\"container mx-auto\">        <div class=\"main-content-wrapper\">              <div class=\"content-wrapper block-layout-center content-wrapper-pb-0 \">        <div class=\"content-title-col\">                                <h2 class=\"content-title\">Hitos inyecci\u00f3n de GR en la red de Nedgia<\/h2>                    <\/div>        <div class=\"content-info-col \">                                <div class=\"button-wrapper content-button-wrapper\">                                                                                                    <\/div>                  <\/div>      <\/div>                              <div  class=\"accordion-content-wrapper  accordion-pills  accordion-bottom  \"  data-accordion-auto-close=\"\"  data-accordion-start=\"0\">  <div class=\"accordion-main-wrapper\">                    <div class=\"accordion-wrapper accordion-default\">                <div class=\"accordion-header-wrapper\">          <div class=\"accordion-header-wrapper-inner\">                        <div class=\"accordion-header-text\">              <div class=\"accordion-header-title\">Julio 2023<\/div>                                        <\/div>          <\/div>        <\/div>                <div class=\"accordion-body-wrapper\">                                                                  <div class=\"accordion-wysiwyg-wrapper\">                                                                                                            <div class=\"accordion-wysiwyg-item\">                                                                        <div class=\"description\">                                        Inyecci\u00f3n de 27 GWh\/a\u00f1o biometano en la red procedentes de la Planta de Digesti\u00f3n Anaer\u00f3bica y de Compostaje del CGRVO y en la Estaci\u00f3n Depuradora de Aguas Residuales (EDAR) Granollers del Consorcio Bes\u00f2s Tordera, en Barcelona, equivalente al consumo de 4.800 hogares, evitando la emisi\u00f3n de 9.700 toneladas anuales de CO<sub>2<\/sub>.                                      <\/div>                                                                <\/div>                                                                                                    <\/div>                                        <\/div>      <\/div>            <div class=\"accordion-wrapper accordion-default\">                <div class=\"accordion-header-wrapper\">          <div class=\"accordion-header-wrapper-inner\">                        <div class=\"accordion-header-text\">              <div class=\"accordion-header-title\">Junio 2023<\/div>                                        <\/div>          <\/div>        <\/div>                <div class=\"accordion-body-wrapper\">                                                                  <div class=\"accordion-wysiwyg-wrapper\">                                                                                                            <div class=\"accordion-wysiwyg-item\">                                                                        <div class=\"description\">                                        Inyecci\u00f3n de biometano en la red de distribuci\u00f3n de residuos urbanos, procedentes del dep\u00f3sito controlado de Can Mata, situado en Els Hostalets de Pierola (Barcelona). Capacidad de 70 GWh\/a\u00f1o de biometano, equivalente al consumo de 14.000 hogares, evitando la emisi\u00f3n de 17.000 toneladas anuales de CO<sub>2<\/sub>.                                      <\/div>                                                                <\/div>                                                                                                    <\/div>                                        <\/div>      <\/div>            <div class=\"accordion-wrapper accordion-default\">                <div class=\"accordion-header-wrapper\">          <div class=\"accordion-header-wrapper-inner\">                        <div class=\"accordion-header-text\">              <div class=\"accordion-header-title\">Enero 2022<\/div>                                        <\/div>          <\/div>        <\/div>                <div class=\"accordion-body-wrapper\">                                                                  <div class=\"accordion-wysiwyg-wrapper\">                                                                                                            <div class=\"accordion-wysiwyg-item\">                                                                        <div class=\"description\">                                        Inyecci\u00f3n en la red de Nedgia de 5 GWh\/a\u00f1o de biometano, procedente de la Estaci\u00f3n Depuradora de Aguas Residuales de Bens (A Coru\u00f1a).                                      <\/div>                                                                <\/div>                                                                                                    <\/div>                                        <\/div>      <\/div>            <div class=\"accordion-wrapper accordion-default\">                <div class=\"accordion-header-wrapper\">          <div class=\"accordion-header-wrapper-inner\">                        <div class=\"accordion-header-text\">              <div class=\"accordion-header-title\">Diciembre 2021<\/div>                                        <\/div>          <\/div>        <\/div>                <div class=\"accordion-body-wrapper\">                                                                  <div class=\"accordion-wysiwyg-wrapper\">                                                                                                            <div class=\"accordion-wysiwyg-item\">                                                                        <div class=\"description\">                                        Inyecci\u00f3n de 30 GWh\/a\u00f1o desde la granja de Torre Santamar\u00eda , ubicada en Vallfogona de Balaguer (Lleida), en la red de Nedgia, cuyos residuos se obtienen a partir de deshechos ganaderos. Evitar\u00e1 la emisi\u00f3n a la atm\u00f3sfera de 6.000 toneladas de CO<sub>2<\/sub>\/a\u00f1o, equivalente a plantar unos 12.510 \u00e1rboles.                                      <\/div>                                                                <\/div>                                                                                                    <\/div>                                        <\/div>      <\/div>            <div class=\"accordion-wrapper accordion-default\">                <div class=\"accordion-header-wrapper\">          <div class=\"accordion-header-wrapper-inner\">                        <div class=\"accordion-header-text\">              <div class=\"accordion-header-title\">Septiembre 2021<\/div>                                        <\/div>          <\/div>        <\/div>                <div class=\"accordion-body-wrapper\">                                                                  <div class=\"accordion-wysiwyg-wrapper\">                                                                                                            <div class=\"accordion-wysiwyg-item\">                                                                        <div class=\"description\">                                        Inyecci\u00f3n de biometano aprovechando el biog\u00e1s generado a partir de residuos agroindustriales en Burgos. Planta Biogasnalia (Proyecto UNUE). 25 GWh al a\u00f1o, evitando la emisi\u00f3n de 4.500 toneladas de CO<sub>2<\/sub>.                                      <\/div>                                                                <\/div>                                                                                                    <\/div>                                        <\/div>      <\/div>            <div class=\"accordion-wrapper accordion-default\">                <div class=\"accordion-header-wrapper\">          <div class=\"accordion-header-wrapper-inner\">                        <div class=\"accordion-header-text\">              <div class=\"accordion-header-title\">Junio 2021<\/div>                                        <\/div>          <\/div>        <\/div>                <div class=\"accordion-body-wrapper\">                                                                  <div class=\"accordion-wysiwyg-wrapper\">                                                                                                            <div class=\"accordion-wysiwyg-item\">                                                                        <div class=\"description\">                                        Inyecci\u00f3n de biometano producido a partir de residuos municipales en Cerdanyola del Vall\u00e8s (Barcelona). Primera planta de biog\u00e1s en Catalunya, planta Elena. Capacidad de inyecci\u00f3n de 15 GWh\/a\u00f1o, evitando la emisi\u00f3n de 2.400 toneladas de CO<sub>2<\/sub>.                                      <\/div>                                                                <\/div>                                                                                                    <\/div>                                        <\/div>      <\/div>            <div class=\"accordion-wrapper accordion-default\">                <div class=\"accordion-header-wrapper\">          <div class=\"accordion-header-wrapper-inner\">                        <div class=\"accordion-header-text\">              <div class=\"accordion-header-title\">2019<\/div>                                        <\/div>          <\/div>        <\/div>                <div class=\"accordion-body-wrapper\">                                                                  <div class=\"accordion-wysiwyg-wrapper\">                                                                                                            <div class=\"accordion-wysiwyg-item\">                                                                        <div class=\"description\">                                        Arranca el primer proyecto de inyecci\u00f3n de gas renovable en la red de distribuci\u00f3n de Nedgia, desde la Estaci\u00f3n Depuradora de Aguas Residuales (EDAR) de Butarque, en Madrid. La capacidad de inyecci\u00f3n anual estaba estimada en 5 GWh y la iniciativa evit\u00f3 la emisi\u00f3n a la atm\u00f3sfera de 1.270 toneladas de CO<sub>2<\/sub>\/a\u00f1o.                                      <\/div>                                                                <\/div>                                                                                                    <\/div>                                        <\/div>      <\/div>            <\/div><\/div>                <\/div>    <\/div>                <\/section>                                <section class=\"block-style-2 nedgia-block  wp-block-content\">    <div class=\"container mx-auto\">        <div class=\"main-content-wrapper\">              <div class=\"content-wrapper block-layout-center  \">        <div class=\"content-title-col\">          <div class=\"content-pretitle\">Fa 50 anys que vam iniciar la distribuci\u00f3 i expansi\u00f3 del gas natural a Espanya<\/div>                      <h2 class=\"content-title\">Continuem innovant i escrivint la nostra hist\u00f2ria gr\u00e0cies a tu<\/h2>                    <\/div>        <div class=\"content-info-col offset-info\">                      <div class=\"content-description \">                            La hist\u00f2ria ens permet recordar d\u2019on venim i tamb\u00e9 cap a on anem. I, enguany, tenim un motiu especial per celebrar: fa mig segle que formem part de la hist\u00f2ria de la distribuci\u00f3 del gas natural.            <\/div>                            <\/div>      <\/div>              <\/div>    <\/div>                <\/section>                                <section class=\"block-style-2 nedgia-block  wp-block-image-text\">    <div class=\"container mx-auto\">        <div class=\"image-text-wrapper \">                                    <div class=\"image-text-col-image image-text-col-2 image-lg image-padding-off image-h-center image-v-center\">              <figure>                <img decoding=\"async\" src=\"https:\/\/www.nedgia.es\/wp-content\/uploads\/2024\/02\/llegada-del-gas-natural.png\"                    alt=\"Infograf\u00eda sobre el proceso de llegada del gas natural a los hogares\" loading=\"lazy\" \/>            <\/figure>                        <\/div>                                    <div class=\"image-text-col-text image-text-col-2\">                                          <div class=\"content-info-wrapper\">                          <div class=\"description \">        L\u2019arribada del primer carregament de gas natural a Barcelona, el 1969, va revolucionar les llars i les ind\u00fastries del nostre pa\u00eds, ja que va significar el principi del final de la producci\u00f3 de gas en f\u00e0briques. L\u2019inici del subministrament directe de gas natural, una energia amb m\u00e9s poder calor\u00edfic i molt m\u00e9s respectuosa amb l\u2019entorn que el gas manufacturat, va suposar un gran aven\u00e7 per a la societat i l\u2019economia. Des de llavors, l\u2019expansi\u00f3 de les xarxes de gas natural ha estat imparable.<br><br>Per a l\u2019expansi\u00f3 del gas natural era necessari crear una infraestructura que permet\u00e9s la regasificaci\u00f3 del gas natural liquat que arribava per vaixell i aix\u00ed va ser com, despr\u00e9s d\u2019una d\u00e8cada de negociacions nacionals i internacionals, el 1970 es va inaugurar la planta de regasificaci\u00f3 de Barcelona.      <\/div>          <\/div>                                    <\/div>                      <\/div>    <\/div>                <\/section>                                <section class=\"block-style-5 nedgia-block  wp-block-content\">    <div class=\"container mx-auto\">        <div class=\"main-content-wrapper\">              <div class=\"content-wrapper block-layout-center  \">        <div class=\"content-title-col\">                            <\/div>        <div class=\"content-info-col \">                      <div class=\"content-description  wpautop-format \">                            <p style=\"text-align: left;\">\u201cEl aumento del nivel de vida con sus exigencias de confort, por lo que afecta al sector dom\u00e9stico, y la necesidad de disponer de una fuente de energ\u00eda noble, como el gas natural, que permita una mayor calidad en los productos finales para poder competir con \u00e9xito en los mercados, han sido motores de crecimiento\u201d \u2013 Noticiero informativo de Gas Natural, junio del 1970<br \/>Este cambio tan significante se implement\u00f3 progresivamente.<\/p><p style=\"text-align: left;\">La expansi\u00f3n de las redes de distribuci\u00f3n de gas natural se realiz\u00f3 en dos fases (1969 \u2013 1972 y 1985 \u2013 1990), priorizando la llegada del gas natural a los clientes industriales con grandes demandas de energ\u00eda y, a continuaci\u00f3n, a los clientes dom\u00e9sticos.<\/p><p style=\"text-align: left;\">En las zonas que las que no se contaba previamente con infraestructuras de gas manufacturado se desarrollaron las redes de distribuci\u00f3n, lo que implic\u00f3 la construcci\u00f3n de kil\u00f3metros de gasoductos y canalizaciones, mientras que en las que ya dispon\u00edan de gas manufacturado, \u00fanicamente se tuvo que realizar la operaci\u00f3n conocida como cambio de gas. De esta manera, en 1971 las \u00e1reas m\u00e1s destacadas de Barcelona y alrededores ya dispon\u00edan de gas natural canalizado.<\/p>            <\/div>                            <\/div>      <\/div>              <\/div>    <\/div>                <\/section>                                <section class=\"block-style-5 nedgia-block  wp-block-content\">    <div class=\"container mx-auto\">        <div class=\"main-content-wrapper\">              <div class=\"content-wrapper block-layout-center  \">        <div class=\"content-title-col\">                                <h2 class=\"content-title\">Expansi\u00f3 i desenvolupament del sector<\/h2>                    <\/div>        <div class=\"content-info-col \">                      <div class=\"content-description  wpautop-format \">                            <p style=\"text-align: left;\">La llegada del gas natural fue un gran \u00e9xito que se terminar\u00eda implantando en el resto del pa\u00eds. En 1985, el Ministerio de Industria y las empresas del sector suscribieron el llamado Protocolo de Intenciones para el desarrollo del gas en Espa\u00f1a. Esta gran noticia contribuy\u00f3 a subsanar, en parte, el atraso hist\u00f3rico que el sector sufr\u00eda respecto a Europa, donde el gas natural estaba en esa \u00e9poca ya muy consolidado.<\/p><p style=\"text-align: left;\">Este plan supuso el espaldarazo a la completa expansi\u00f3n del gas natural como energ\u00eda en todo el territorio peninsular de Espa\u00f1a e implic\u00f3 la desaparici\u00f3n de todas las instalaciones de producci\u00f3n de gas manufacturado. De hecho, el fin de la fabricaci\u00f3n del gas se sit\u00faa en 1997, lo que contribuy\u00f3 a tener un aire m\u00e1s limpio en las ciudades al hacer desaparecer el consumo de combustible mucho m\u00e1s contaminante.<\/p><p style=\"text-align: left;\">Desde entonces, hasta hoy, seguimos innovando y escribiendo nuestra historia gracias a ti.<\/p>            <\/div>                            <\/div>      <\/div>              <\/div>    <\/div>                <\/section>                                <section class=\"block-style-3 nedgia-block block-type-cards  wp-block-content\">    <div class=\"container mx-auto\">        <div class=\"main-content-wrapper\">              <div class=\"content-wrapper block-layout-center content-wrapper-pb-0 \">        <div class=\"content-title-col\">                                <h2 class=\"content-title\">M\u00e9s en aquesta secci\u00f3<\/h2>                    <\/div>        <div class=\"content-info-col \">                            <\/div>      <\/div>                              <div class=\"cards-content-wrapper cards-style-1\">  <div class=\"cards-slider cards-slider-3 swiper\">    <input class=\"itemCols\" type=\"hidden\" name=\"itemCols\" value=\"2\">    <input class=\"itemRows\" type=\"hidden\" name=\"itemRows\" value=\"2\">    <input class=\"itemGap\" type=\"hidden\" name=\"itemGap\" value=\"25\">    <div class=\"swiper-wrapper manual-wrapper\">      <!-- Slides -->                                                              <div class=\"swiper-slide cards-type-basic-slide\">\t\t\t<a class=\"card-link \" href=\"https:\/\/www.nedgia.es\/ca\/qui-som\/\"  target=\"_self\">      <div class=\"card-slide-wrapper cards-type-basic-wrapper\" data-ccaa=\"\">      <div class=\"card-content\">        <div>          <div class=\"card-top-info\">                                                              <\/div>          <div class=\"card-bottom-info \">                          <h3 class=\"card-title\">El paper del distribu\u00efdor<\/h3>                                        <div class=\"card-description \">                                Coneix qu\u00e8 fan els nostres distribu\u00efdors.              <\/div>                                  <\/div>        <\/div>      <\/div>    <\/div>      <\/a>  <\/div>                                  <div class=\"swiper-slide cards-type-basic-slide\">\t\t\t<a class=\"card-link \" href=\"https:\/\/www.nedgia.es\/ca\/qui-som\/els-nostres-accionistes\/\"  target=\"_self\">      <div class=\"card-slide-wrapper cards-type-basic-wrapper\" data-ccaa=\"\">      <div class=\"card-content\">        <div>          <div class=\"card-top-info\">                                                              <\/div>          <div class=\"card-bottom-info \">                          <h3 class=\"card-title\">Accionistes<\/h3>                                        <div class=\"card-description \">                                Conoce a nuestros accionistas.              <\/div>                                  <\/div>        <\/div>      <\/div>    <\/div>      <\/a>  <\/div>                                  <div class=\"swiper-slide cards-type-basic-slide\">\t\t\t<a class=\"card-link \" href=\"https:\/\/www.nedgia.es\/ca\/qui-som\/amb-qui-col%c2%b7laborem\/\"  target=\"_self\">      <div class=\"card-slide-wrapper cards-type-basic-wrapper\" data-ccaa=\"\">      <div class=\"card-content\">        <div>          <div class=\"card-top-info\">                                                              <\/div>          <div class=\"card-bottom-info \">                          <h3 class=\"card-title\">Col\u00b7laboradors<\/h3>                                        <div class=\"card-description \">                                Descobreix amb qui col\u00b7laborem.              <\/div>                                  <\/div>        <\/div>      <\/div>    <\/div>      <\/a>  <\/div>                                  <div class=\"swiper-slide cards-type-basic-slide\">\t\t\t<a class=\"card-link \" href=\"https:\/\/www.nedgia.es\/ca\/les-nostres-distribuidores\/\"  target=\"_self\">      <div class=\"card-slide-wrapper cards-type-basic-wrapper\" data-ccaa=\"\">      <div class=\"card-content\">        <div>          <div class=\"card-top-info\">                                                              <\/div>          <div class=\"card-bottom-info \">                          <h3 class=\"card-title\">Distribu\u00efdores<\/h3>                                        <div class=\"card-description \">                                Les nostres distribu\u00efdores.              <\/div>                                  <\/div>        <\/div>      <\/div>    <\/div>      <\/a>  <\/div>                                                <\/div>    <div class=\"swiper-navigation-wrapper\">  <div class=\"swiper-button-wrapper\">    <div class=\"swiper-button-prev\"><span>&nbsp;<\/span><\/div>    <div class=\"swiper-button-next\"><span>&nbsp;<\/span><\/div>  <\/div>  <div class=\"swiper-pagination-wrapper\">    <div class=\"swiper-pagination\"><\/div>  <\/div><\/div>  <\/div>  <\/div>                <\/div>    <\/div>                <\/section>                                <section class=\"block-style-3 nedgia-block block-type-cards  wp-block-content\">    <div class=\"container mx-auto\">        <div class=\"main-content-wrapper\">              <div class=\"content-wrapper block-layout-center content-wrapper-pb-0 \">        <div class=\"content-title-col\">                                <h2 class=\"content-title\">M\u00e9s sobre Nedgia<\/h2>                    <\/div>        <div class=\"content-info-col \">                            <\/div>      <\/div>                              <div class=\"cards-content-wrapper cards-style-1\">  <div class=\"cards-slider cards-slider-3 swiper\">    <input class=\"itemCols\" type=\"hidden\" name=\"itemCols\" value=\"2\">    <input class=\"itemRows\" type=\"hidden\" name=\"itemRows\" value=\"1\">    <input class=\"itemGap\" type=\"hidden\" name=\"itemGap\" value=\"25\">    <div class=\"swiper-wrapper dynamic-wrapper\">      <!-- Slides -->                                                                                                                                                                              <div class=\"swiper-slide cards-type-basic-slide\">\t\t\t<a class=\"card-link \" href=\"https:\/\/www.nedgia.es\/ca\/compromis\/\"  target=\"_self\">      <div class=\"card-slide-wrapper cards-type-basic-wrapper\" data-ccaa=\"\">      <div class=\"card-content\">        <div>          <div class=\"card-top-info\">                                                              <\/div>          <div class=\"card-bottom-info \">                          <p class=\"card-title\">Comprom\u00eds<\/p>                                        <div class=\"card-description \">                                Coneix els beneficis del gas natural.              <\/div>                                  <\/div>        <\/div>      <\/div>    <\/div>      <\/a>  <\/div>                                                      <div class=\"swiper-slide cards-type-basic-slide\">\t\t\t<a class=\"card-link \" href=\"https:\/\/www.nedgia.es\/ca\/sala-de-premsa\/\"  target=\"_self\">      <div class=\"card-slide-wrapper cards-type-basic-wrapper\" data-ccaa=\"\">      <div class=\"card-content\">        <div>          <div class=\"card-top-info\">                                                              <\/div>          <div class=\"card-bottom-info \">                          <p class=\"card-title\">Sala de premsa<\/p>                                        <div class=\"card-description \">                                Descobreix les \u00faltimes novetats de la nostra empresa.              <\/div>                                  <\/div>        <\/div>      <\/div>    <\/div>      <\/a>  <\/div>                                                                                                                                          <\/div>    <div class=\"swiper-navigation-wrapper\">  <div class=\"swiper-button-wrapper\">    <div class=\"swiper-button-prev\"><span>&nbsp;<\/span><\/div>    <div class=\"swiper-button-next\"><span>&nbsp;<\/span><\/div>  <\/div>  <div class=\"swiper-pagination-wrapper\">    <div class=\"swiper-pagination\"><\/div>  <\/div><\/div>  <\/div>  <\/div>                <\/div>    <\/div>                <\/section>                                ","protected":false},"excerpt":{"rendered":"<p><script>    var municipio_no_encontrado = \"Municipio no encontrado.\";    var direccion_no_encontrada = \"Direcci\u00f3n no encontrada. No utilices el tipo de v\u00eda como calle,<\/script><\/p>\n","protected":false},"author":6,"featured_media":0,"parent":9735,"menu_order":0,"comment_status":"closed","ping_status":"closed","template":"","meta":{"_acf_changed":false,"inline_featured_image":false,"footnotes":""},"class_list":["post-9546","page","type-page","status-publish","hentry"],"acf":[],"_links":{"self":[{"href":"https:\/\/www.nedgia.es\/ca\/wp-json\/wp\/v2\/pages\/9546","targetHints":{"allow":["GET"]}}],"collection":[{"href":"https:\/\/www.nedgia.es\/ca\/wp-json\/wp\/v2\/pages"}],"about":[{"href":"https:\/\/www.nedgia.es\/ca\/wp-json\/wp\/v2\/types\/page"}],"author":[{"embeddable":true,"href":"https:\/\/www.nedgia.es\/ca\/wp-json\/wp\/v2\/users\/6"}],"replies":[{"embeddable":true,"href":"https:\/\/www.nedgia.es\/ca\/wp-json\/wp\/v2\/comments?post=9546"}],"version-history":[{"count":3,"href":"https:\/\/www.nedgia.es\/ca\/wp-json\/wp\/v2\/pages\/9546\/revisions"}],"predecessor-version":[{"id":16614,"href":"https:\/\/www.nedgia.es\/ca\/wp-json\/wp\/v2\/pages\/9546\/revisions\/16614"}],"up":[{"embeddable":true,"href":"https:\/\/www.nedgia.es\/ca\/wp-json\/wp\/v2\/pages\/9735"}],"wp:attachment":[{"href":"https:\/\/www.nedgia.es\/ca\/wp-json\/wp\/v2\/media?parent=9546"}],"curies":[{"name":"wp","href":"https:\/\/api.w.org\/{rel}","templated":true}]}}